{"id":353,"date":"2017-10-26T11:05:07","date_gmt":"2017-10-26T09:05:07","guid":{"rendered":"http:\/\/www.elzbieta.archidiecezja.wroc.pl\/?page_id=353"},"modified":"2023-09-06T19:42:27","modified_gmt":"2023-09-06T17:42:27","slug":"kaplica-rajcow-miejskich-wroclawia","status":"publish","type":"page","link":"http:\/\/www.elzbieta.archidiecezja.wroc.pl\/?page_id=353","title":{"rendered":"Kaplica Rajc\u00f3w Miejskich Wroc\u0142awia"},"content":{"rendered":"<p><img decoding=\"async\" loading=\"lazy\" class=\"alignright wp-image-379 size-medium\" style=\"margin-left: 40px;\" src=\"http:\/\/www.elzbieta.archidiecezja.wroc.pl\/wp-content\/uploads\/2017\/10\/DSC_0002-200x300.jpg\" alt=\"Kaplica\" srcset=\"http:\/\/www.elzbieta.archidiecezja.wroc.pl\/wp-content\/uploads\/2017\/10\/DSC_0002-200x300.jpg 200w, http:\/\/www.elzbieta.archidiecezja.wroc.pl\/wp-content\/uploads\/2017\/10\/DSC_0002.jpg 274w\" sizes=\"(max-width: 200px) 100vw, 200px\" \/>Od dnia 4 czerwca 2005 r. Rada Miejska Wroc\u0142awia obj\u0119\u0142a patronat nad \u015bredniowieczn\u0105 kaplic\u0105 rodu von Dompnig. W swej historii miejsce to by\u0142o zawsze po\u015bwi\u0119cone pami\u0119ci wybitnych cz\u0142onk\u00f3w Rady Miejskiej. Tu w\u0142a\u015bnie znajdowa\u0142 si\u0119 niegdy\u015b obraz, na kt\u00f3rym jeden z wroc\u0142awskich rajc\u00f3w Jan Mohrenberg ukazany zosta\u0142 wraz z ca\u0142\u0105 swoj\u0105 rodzin\u0105 na tle panoramy Wroc\u0142awia. Wsp\u00f3\u0142rz\u0105dzone przez niego miasto by\u0142o bowiem najwi\u0119ksz\u0105 dum\u0105 patrycjusza, jako jego reprezentant czu\u0142 si\u0119 te\u017c za nie w pe\u0142ni odpowiedzialny. Obecnie patroni tego miejsca za opiekuna obrali \u015aw. Jana Ewangelist\u0119, a w witra\u017cu kaplicy przedstawiony jest wizerunek \u015awi\u0119tego Jana Paw\u0142a II.<\/p>\n<p>Witra\u017c, ufundowany\u00a0zosta\u0142 przez Prezydenta i\u00a0Rad\u0119 Miejsk\u0105 Wroc\u0142awia. Po\u015bwi\u0119cony\u00a0zosta\u0142 31 maja 2007 r. przez\u00a0ksi\u0119dza Arcybiskupa Mariana Go\u0142\u0119biowskiego, Metropolit\u0119\u00a0Wroc\u0142awskiego.<\/p>\n<div id=\"grid-gallery-1-9173\" data-gg-id=\"1\" data-title=\"Kaplica Rajc\u00f3w Miejskich Wroc\u0142awia\" data-grid-type=\"0\" data-offset=\"10.3\" data-area-position=\"left\" data-icons=\"false\" data-preloader=\"false\" data-width=\"110\" data-height=\"90\" data-padding=\"0\" data-quicksand=\"disabled\" data-quicksand-duration=\"none\" data-popup-theme=\"theme_7\" data-popup-type=\"colorbox\" data-popup-fadeOut=\"300\" data-popup-image-text=\"data-description\" data-popup-widthsize=\"auto\" data-popup-heightsize=\"auto\" data-popup-i18n-words=\"{&quot;close&quot;:&quot;close&quot;,&quot;next&quot;:&quot;next&quot;,&quot;previous&quot;:&quot;previous&quot;,&quot;start_slideshow&quot;:&quot;start slideshow&quot;,&quot;stop_slideshow&quot;:&quot;stop slideshow&quot;,&quot;image&quot;:&quot;image&quot;,&quot;of&quot;:&quot;of&quot;,&quot;prev&quot;:&quot;prev&quot;,&quot;cExpand&quot;:&quot;Expand&quot;,&quot;cPrevious&quot;:&quot;Previous&quot;,&quot;cNext&quot;:&quot;Next&quot;,&quot;cExpandStr&quot;:&quot;Expand the image&quot;,&quot;cRotate&quot;:&quot;Rotate&quot;,&quot;cDetails&quot;:&quot;Details&quot;}\" data-popup-slideshow=\"false\" data-popup-slideshow-speed=\"2500\" data-popup-hoverstop=\"false\" data-popup-slideshow-auto=\"false\" data-popup-background=\"\" data-popup-transparency=\"30\" data-popup-disable-history=\"\" data-popup-disable-changed-url=\"\" data-popup-border-type=\"\" data-popup-border-color=\"\" data-popup-border-width=\"\" data-popup-border-enable=\"\" data-fullscreen=\"false\" data-hide-tooltip=\"false\" data-caption-font-family=\"Default\" data-caption-text-size=\"14px\" data-is-mobile=\"0\" data-caption-mobile=\"false\" data-hide-long-tltp-title=\"0\" data-caption-disabled-on-mobile=\"false\" data-popup-placement-type=\"0\" data-social-sharing=\"{&quot;enabled&quot;:&quot;&quot;,&quot;gallerySharing&quot;:{&quot;enabled&quot;:null,&quot;position&quot;:null},&quot;imageSharing&quot;:{&quot;enabled&quot;:null,&quot;wrapperClass&quot;:&quot; vertical \\n &quot;},&quot;popupSharing&quot;:{&quot;enabled&quot;:null,&quot;wrapperClass&quot;:&quot; vertical \\n &quot;}}\" class=\"grid-gallery grid-gallery-fixed \" style=\" width:100%; height:auto ; float: left; position:relative;\" > <div class=\"gallery-sharing-top\"><\/div> <div id=\"photos-1\" class=\"grid-gallery-photos \" > <a id=\"gg-1-1\" class=\"gg-link gg-colorbox \" data-attachment-id=\"379\" href=\"http:\/\/www.elzbieta.archidiecezja.wroc.pl\/wp-content\/uploads\/2017\/10\/DSC_0002.jpg?gid=1\" target=\"_self\" title=\"DSC_0002\" rel=\"\" style=\"border-radius: 0px;\" ><FIGURE class=\"grid-gallery-caption \" data-grid-gallery-type=\"quarter-slide-up\" data-index=\"0\" style=\"display:none;border-radius: 0px; ; margin: 10.3px; width:110px;\" ><div class=\"crop \" style=\" width:110px; height:90px; overflow:hidden; \"><img src=\"http:\/\/www.elzbieta.archidiecezja.wroc.pl\/wp-content\/uploads\/2017\/10\/DSC_0002-110x90.jpg\" class=\"ggImg\" alt=\"Kaplica\" title=\"DSC_0002\" data-description=\"DSC_0002\" data-caption=\"DSC_0002\" data-title=\"DSC_0002\" style=\" width:110px; height:90px; \" \/><\/div><FIGCAPTION class=\"\" data-alpha=\"5\" style=\"color:#ffffff; background-color:#6f0000; font-size:14px; text-align:left; font-family:Default;\" ><div class=\"grid-gallery-figcaption-wrap\" style=\" vertical-align:top; \"><\/div><\/FIGCAPTION><\/FIGURE><\/a> <a id=\"gg-1-3\" class=\"gg-link gg-colorbox \" data-attachment-id=\"390\" href=\"http:\/\/www.elzbieta.archidiecezja.wroc.pl\/wp-content\/uploads\/2017\/10\/DSC_0075-1.jpg?gid=1\" target=\"_self\" title=\"Ods\u0142oni\u0119cie tablicy\" rel=\"\" style=\"border-radius: 0px;\" ><FIGURE class=\"grid-gallery-caption \" data-grid-gallery-type=\"quarter-slide-up\" data-index=\"1\" style=\"display:none;border-radius: 0px; ; margin: 10.3px; width:110px;\" ><div class=\"crop \" style=\" width:110px; height:90px; overflow:hidden; \"><img src=\"http:\/\/www.elzbieta.archidiecezja.wroc.pl\/wp-content\/uploads\/2017\/10\/DSC_0075-1-110x90.jpg\" class=\"ggImg\" alt=\"Ods\u0142oni\u0119cie tablicy\" title=\"Ods\u0142oni\u0119cie tablicy\" data-description=\"Ods\u0142oni\u0119cie tablicy\" data-caption=\"Ods\u0142oni\u0119cie tablicy\" data-title=\"Ods\u0142oni\u0119cie tablicy\" style=\" width:110px; height:90px; \" \/><\/div><FIGCAPTION class=\"\" data-alpha=\"5\" style=\"color:#ffffff; background-color:#6f0000; font-size:14px; text-align:left; font-family:Default;\" ><div class=\"grid-gallery-figcaption-wrap\" style=\" vertical-align:top; \"><\/div><\/FIGCAPTION><\/FIGURE><\/a> <a id=\"gg-1-4\" class=\"gg-link gg-colorbox \" data-attachment-id=\"391\" href=\"http:\/\/www.elzbieta.archidiecezja.wroc.pl\/wp-content\/uploads\/2017\/10\/DSC_00062-1-e1509011278355.jpg?gid=1\" target=\"_self\" title=\"Tablica pami\u0105tkowa\" rel=\"\" style=\"border-radius: 0px;\" ><FIGURE class=\"grid-gallery-caption \" data-grid-gallery-type=\"quarter-slide-up\" data-index=\"2\" style=\"display:none;border-radius: 0px; ; margin: 10.3px; width:110px;\" ><div class=\"crop \" style=\" width:110px; height:90px; overflow:hidden; \"><img src=\"http:\/\/www.elzbieta.archidiecezja.wroc.pl\/wp-content\/uploads\/2017\/10\/DSC_00062-1-e1509011278355-110x90.jpg\" class=\"ggImg\" alt=\"Tablica pami\u0105tkowa\" title=\"Tablica pami\u0105tkowa\" data-description=\"Tablica pami\u0105tkowa\" data-caption=\"Tablica pami\u0105tkowa\" data-title=\"Tablica pami\u0105tkowa\" style=\" width:110px; height:90px; \" \/><\/div><FIGCAPTION class=\"\" data-alpha=\"5\" style=\"color:#ffffff; background-color:#6f0000; font-size:14px; text-align:left; font-family:Default;\" ><div class=\"grid-gallery-figcaption-wrap\" style=\" vertical-align:top; \"><\/div><\/FIGCAPTION><\/FIGURE><\/a> <a id=\"gg-1-5\" class=\"gg-link gg-colorbox \" data-attachment-id=\"395\" href=\"http:\/\/www.elzbieta.archidiecezja.wroc.pl\/wp-content\/uploads\/2017\/10\/100_0313.jpg?gid=1\" target=\"_self\" title=\"100_0313\" rel=\"\" style=\"border-radius: 0px;\" ><FIGURE class=\"grid-gallery-caption \" data-grid-gallery-type=\"quarter-slide-up\" data-index=\"3\" style=\"display:none;border-radius: 0px; ; margin: 10.3px; width:110px;\" ><div class=\"crop \" style=\" width:110px; height:90px; overflow:hidden; \"><img src=\"http:\/\/www.elzbieta.archidiecezja.wroc.pl\/wp-content\/uploads\/2017\/10\/100_0313-110x90.jpg\" class=\"ggImg\" alt=\"100_0313\" title=\"100_0313\" data-description=\"100_0313\" data-caption=\"100_0313\" data-title=\"100_0313\" style=\" width:110px; height:90px; \" \/><\/div><FIGCAPTION class=\"\" data-alpha=\"5\" style=\"color:#ffffff; background-color:#6f0000; font-size:14px; text-align:left; font-family:Default;\" ><div class=\"grid-gallery-figcaption-wrap\" style=\" vertical-align:top; \"><\/div><\/FIGCAPTION><\/FIGURE><\/a> <a id=\"gg-1-6\" class=\"gg-link gg-colorbox \" data-attachment-id=\"396\" href=\"http:\/\/www.elzbieta.archidiecezja.wroc.pl\/wp-content\/uploads\/2017\/10\/100_0381.jpg?gid=1\" target=\"_self\" title=\"100_0381\" rel=\"\" style=\"border-radius: 0px;\" ><FIGURE class=\"grid-gallery-caption \" data-grid-gallery-type=\"quarter-slide-up\" data-index=\"4\" style=\"display:none;border-radius: 0px; ; margin: 10.3px; width:110px;\" ><div class=\"crop \" style=\" width:110px; height:90px; overflow:hidden; \"><img src=\"http:\/\/www.elzbieta.archidiecezja.wroc.pl\/wp-content\/uploads\/2017\/10\/100_0381-110x90.jpg\" class=\"ggImg\" alt=\"100_0381\" title=\"100_0381\" data-description=\"100_0381\" data-caption=\"100_0381\" data-title=\"100_0381\" style=\" width:110px; height:90px; \" \/><\/div><FIGCAPTION class=\"\" data-alpha=\"5\" style=\"color:#ffffff; background-color:#6f0000; font-size:14px; text-align:left; font-family:Default;\" ><div class=\"grid-gallery-figcaption-wrap\" style=\" vertical-align:top; \"><\/div><\/FIGCAPTION><\/FIGURE><\/a> <a id=\"gg-1-7\" class=\"gg-link gg-colorbox \" data-attachment-id=\"397\" href=\"http:\/\/www.elzbieta.archidiecezja.wroc.pl\/wp-content\/uploads\/2017\/10\/100_0384.jpg?gid=1\" target=\"_self\" title=\"100_0384\" rel=\"\" style=\"border-radius: 0px;\" ><FIGURE class=\"grid-gallery-caption \" data-grid-gallery-type=\"quarter-slide-up\" data-index=\"5\" style=\"display:none;border-radius: 0px; ; margin: 10.3px; width:110px;\" ><div class=\"crop \" style=\" width:110px; height:90px; overflow:hidden; \"><img src=\"http:\/\/www.elzbieta.archidiecezja.wroc.pl\/wp-content\/uploads\/2017\/10\/100_0384-110x90.jpg\" class=\"ggImg\" alt=\"100_0384\" title=\"100_0384\" data-description=\"100_0384\" data-caption=\"100_0384\" data-title=\"100_0384\" style=\" width:110px; height:90px; \" \/><\/div><FIGCAPTION class=\"\" data-alpha=\"5\" style=\"color:#ffffff; background-color:#6f0000; font-size:14px; text-align:left; font-family:Default;\" ><div class=\"grid-gallery-figcaption-wrap\" style=\" vertical-align:top; \"><\/div><\/FIGCAPTION><\/FIGURE><\/a> <a id=\"gg-1-8\" class=\"gg-link gg-colorbox \" data-attachment-id=\"398\" href=\"http:\/\/www.elzbieta.archidiecezja.wroc.pl\/wp-content\/uploads\/2017\/10\/100_0386.jpg?gid=1\" target=\"_self\" title=\"100_0386\" rel=\"\" style=\"border-radius: 0px;\" ><FIGURE class=\"grid-gallery-caption \" data-grid-gallery-type=\"quarter-slide-up\" data-index=\"6\" style=\"display:none;border-radius: 0px; ; margin: 10.3px; width:110px;\" ><div class=\"crop \" style=\" width:110px; height:90px; overflow:hidden; \"><img src=\"http:\/\/www.elzbieta.archidiecezja.wroc.pl\/wp-content\/uploads\/2017\/10\/100_0386-110x90.jpg\" class=\"ggImg\" alt=\"100_0386\" title=\"100_0386\" data-description=\"100_0386\" data-caption=\"100_0386\" data-title=\"100_0386\" style=\" width:110px; height:90px; \" \/><\/div><FIGCAPTION class=\"\" data-alpha=\"5\" style=\"color:#ffffff; background-color:#6f0000; font-size:14px; text-align:left; font-family:Default;\" ><div class=\"grid-gallery-figcaption-wrap\" style=\" vertical-align:top; \"><\/div><\/FIGCAPTION><\/FIGURE><\/a> <a id=\"gg-1-9\" class=\"gg-link gg-colorbox \" data-attachment-id=\"399\" href=\"http:\/\/www.elzbieta.archidiecezja.wroc.pl\/wp-content\/uploads\/2017\/10\/100_0387.jpg?gid=1\" target=\"_self\" title=\"100_0387\" rel=\"\" style=\"border-radius: 0px;\" ><FIGURE class=\"grid-gallery-caption \" data-grid-gallery-type=\"quarter-slide-up\" data-index=\"7\" style=\"display:none;border-radius: 0px; ; margin: 10.3px; width:110px;\" ><div class=\"crop \" style=\" width:110px; height:90px; overflow:hidden; \"><img src=\"http:\/\/www.elzbieta.archidiecezja.wroc.pl\/wp-content\/uploads\/2017\/10\/100_0387-110x90.jpg\" class=\"ggImg\" alt=\"100_0387\" title=\"100_0387\" data-description=\"100_0387\" data-caption=\"100_0387\" data-title=\"100_0387\" style=\" width:110px; height:90px; \" \/><\/div><FIGCAPTION class=\"\" data-alpha=\"5\" style=\"color:#ffffff; background-color:#6f0000; font-size:14px; text-align:left; font-family:Default;\" ><div class=\"grid-gallery-figcaption-wrap\" style=\" vertical-align:top; \"><\/div><\/FIGCAPTION><\/FIGURE><\/a> <a id=\"gg-1-10\" class=\"gg-link gg-colorbox \" data-attachment-id=\"400\" href=\"http:\/\/www.elzbieta.archidiecezja.wroc.pl\/wp-content\/uploads\/2017\/10\/100_0389.jpg?gid=1\" target=\"_self\" title=\"100_0389\" rel=\"\" style=\"border-radius: 0px;\" ><FIGURE class=\"grid-gallery-caption \" data-grid-gallery-type=\"quarter-slide-up\" data-index=\"8\" style=\"display:none;border-radius: 0px; ; margin: 10.3px; width:110px;\" ><div class=\"crop \" style=\" width:110px; height:90px; overflow:hidden; \"><img src=\"http:\/\/www.elzbieta.archidiecezja.wroc.pl\/wp-content\/uploads\/2017\/10\/100_0389-110x90.jpg\" class=\"ggImg\" alt=\"100_0389\" title=\"100_0389\" data-description=\"100_0389\" data-caption=\"100_0389\" data-title=\"100_0389\" style=\" width:110px; height:90px; \" \/><\/div><FIGCAPTION class=\"\" data-alpha=\"5\" style=\"color:#ffffff; background-color:#6f0000; font-size:14px; text-align:left; font-family:Default;\" ><div class=\"grid-gallery-figcaption-wrap\" style=\" vertical-align:top; \"><\/div><\/FIGCAPTION><\/FIGURE><\/a> <a id=\"gg-1-11\" class=\"gg-link gg-colorbox \" data-attachment-id=\"401\" href=\"http:\/\/www.elzbieta.archidiecezja.wroc.pl\/wp-content\/uploads\/2017\/10\/100_0444.jpg?gid=1\" target=\"_self\" title=\"100_0444\" rel=\"\" style=\"border-radius: 0px;\" ><FIGURE class=\"grid-gallery-caption \" data-grid-gallery-type=\"quarter-slide-up\" data-index=\"9\" style=\"display:none;border-radius: 0px; ; margin: 10.3px; width:110px;\" ><div class=\"crop \" style=\" width:110px; height:90px; overflow:hidden; \"><img src=\"http:\/\/www.elzbieta.archidiecezja.wroc.pl\/wp-content\/uploads\/2017\/10\/100_0444-110x90.jpg\" class=\"ggImg\" alt=\"100_0444\" title=\"100_0444\" data-description=\"100_0444\" data-caption=\"100_0444\" data-title=\"100_0444\" style=\" width:110px; height:90px; \" \/><\/div><FIGCAPTION class=\"\" data-alpha=\"5\" style=\"color:#ffffff; background-color:#6f0000; font-size:14px; text-align:left; font-family:Default;\" ><div class=\"grid-gallery-figcaption-wrap\" style=\" vertical-align:top; \"><\/div><\/FIGCAPTION><\/FIGURE><\/a> <a id=\"gg-1-12\" class=\"gg-link gg-colorbox \" data-attachment-id=\"402\" href=\"http:\/\/www.elzbieta.archidiecezja.wroc.pl\/wp-content\/uploads\/2017\/10\/100_0447.jpg?gid=1\" target=\"_self\" title=\"100_0447\" rel=\"\" style=\"border-radius: 0px;\" ><FIGURE class=\"grid-gallery-caption \" data-grid-gallery-type=\"quarter-slide-up\" data-index=\"10\" style=\"display:none;border-radius: 0px; ; margin: 10.3px; width:110px;\" ><div class=\"crop \" style=\" width:110px; height:90px; overflow:hidden; \"><img src=\"http:\/\/www.elzbieta.archidiecezja.wroc.pl\/wp-content\/uploads\/2017\/10\/100_0447-110x90.jpg\" class=\"ggImg\" alt=\"100_0447\" title=\"100_0447\" data-description=\"100_0447\" data-caption=\"100_0447\" data-title=\"100_0447\" style=\" width:110px; height:90px; \" \/><\/div><FIGCAPTION class=\"\" data-alpha=\"5\" style=\"color:#ffffff; background-color:#6f0000; font-size:14px; text-align:left; font-family:Default;\" ><div class=\"grid-gallery-figcaption-wrap\" style=\" vertical-align:top; \"><\/div><\/FIGCAPTION><\/FIGURE><\/a> <a id=\"gg-1-13\" class=\"gg-link gg-colorbox \" data-attachment-id=\"403\" href=\"http:\/\/www.elzbieta.archidiecezja.wroc.pl\/wp-content\/uploads\/2017\/10\/100_0452.jpg?gid=1\" target=\"_self\" title=\"100_0452\" rel=\"\" style=\"border-radius: 0px;\" ><FIGURE class=\"grid-gallery-caption \" data-grid-gallery-type=\"quarter-slide-up\" data-index=\"11\" style=\"display:none;border-radius: 0px; ; margin: 10.3px; width:110px;\" ><div class=\"crop \" style=\" width:110px; height:90px; overflow:hidden; \"><img src=\"http:\/\/www.elzbieta.archidiecezja.wroc.pl\/wp-content\/uploads\/2017\/10\/100_0452-110x90.jpg\" class=\"ggImg\" alt=\"100_0452\" title=\"100_0452\" data-description=\"100_0452\" data-caption=\"100_0452\" data-title=\"100_0452\" style=\" width:110px; height:90px; \" \/><\/div><FIGCAPTION class=\"\" data-alpha=\"5\" style=\"color:#ffffff; background-color:#6f0000; font-size:14px; text-align:left; font-family:Default;\" ><div class=\"grid-gallery-figcaption-wrap\" style=\" vertical-align:top; \"><\/div><\/FIGCAPTION><\/FIGURE><\/a> <a id=\"gg-1-461\" class=\"gg-link gg-colorbox \" data-attachment-id=\"1089\" href=\"http:\/\/www.elzbieta.archidiecezja.wroc.pl\/wp-content\/uploads\/2017\/11\/IMG_5198.jpg?gid=1\" target=\"_self\" title=\"IMG_5198\" rel=\"\" style=\"border-radius: 0px;\" ><FIGURE class=\"grid-gallery-caption \" data-grid-gallery-type=\"quarter-slide-up\" data-index=\"12\" style=\"display:none;border-radius: 0px; ; margin: 10.3px; width:110px;\" ><div class=\"crop \" style=\" width:110px; height:90px; overflow:hidden; \"><img src=\"http:\/\/www.elzbieta.archidiecezja.wroc.pl\/wp-content\/uploads\/2017\/11\/IMG_5198-110x90.jpg\" class=\"ggImg\" alt=\"IMG_5198\" title=\"IMG_5198\" data-description=\"IMG_5198\" data-caption=\"IMG_5198\" data-title=\"IMG_5198\" style=\" width:110px; height:90px; \" \/><\/div><FIGCAPTION class=\"\" data-alpha=\"5\" style=\"color:#ffffff; background-color:#6f0000; font-size:14px; text-align:left; font-family:Default;\" ><div class=\"grid-gallery-figcaption-wrap\" style=\" vertical-align:top; \"><\/div><\/FIGCAPTION><\/FIGURE><\/a> <a id=\"gg-1-462\" class=\"gg-link gg-colorbox \" data-attachment-id=\"1090\" href=\"http:\/\/www.elzbieta.archidiecezja.wroc.pl\/wp-content\/uploads\/2017\/11\/IMG_5217.jpg?gid=1\" target=\"_self\" title=\"IMG_5217\" rel=\"\" style=\"border-radius: 0px;\" ><FIGURE class=\"grid-gallery-caption \" data-grid-gallery-type=\"quarter-slide-up\" data-index=\"13\" style=\"display:none;border-radius: 0px; ; margin: 10.3px; width:110px;\" ><div class=\"crop \" style=\" width:110px; height:90px; overflow:hidden; \"><img src=\"http:\/\/www.elzbieta.archidiecezja.wroc.pl\/wp-content\/uploads\/2017\/11\/IMG_5217-110x90.jpg\" class=\"ggImg\" alt=\"IMG_5217\" title=\"IMG_5217\" data-description=\"IMG_5217\" data-caption=\"IMG_5217\" data-title=\"IMG_5217\" style=\" width:110px; height:90px; \" \/><\/div><FIGCAPTION class=\"\" data-alpha=\"5\" style=\"color:#ffffff; background-color:#6f0000; font-size:14px; text-align:left; font-family:Default;\" ><div class=\"grid-gallery-figcaption-wrap\" style=\" vertical-align:top; \"><\/div><\/FIGCAPTION><\/FIGURE><\/a> <a id=\"gg-1-2\" class=\"gg-link gg-colorbox \" data-attachment-id=\"381\" href=\"http:\/\/www.elzbieta.archidiecezja.wroc.pl\/wp-content\/uploads\/2017\/10\/DSC_0013.jpg?gid=1\" target=\"_self\" title=\"DSC_0013\" rel=\"\" style=\"border-radius: 0px;\" ><FIGURE class=\"grid-gallery-caption \" data-grid-gallery-type=\"quarter-slide-up\" data-index=\"14\" style=\"display:none;border-radius: 0px; ; margin: 10.3px; width:110px;\" ><div class=\"crop \" style=\" width:110px; height:90px; overflow:hidden; \"><img src=\"http:\/\/www.elzbieta.archidiecezja.wroc.pl\/wp-content\/uploads\/2017\/10\/DSC_0013-110x90.jpg\" class=\"ggImg\" alt=\"Witra\u017c\" title=\"DSC_0013\" data-description=\"DSC_0013\" data-caption=\"DSC_0013\" data-title=\"DSC_0013\" style=\" width:110px; height:90px; \" \/><\/div><FIGCAPTION class=\"\" data-alpha=\"5\" style=\"color:#ffffff; background-color:#6f0000; font-size:14px; text-align:left; font-family:Default;\" ><div class=\"grid-gallery-figcaption-wrap\" style=\" vertical-align:top; \"><\/div><\/FIGCAPTION><\/FIGURE><\/a> <a id=\"gg-1-463\" class=\"gg-link gg-colorbox \" data-attachment-id=\"1091\" href=\"http:\/\/www.elzbieta.archidiecezja.wroc.pl\/wp-content\/uploads\/2017\/11\/IMG_5218.jpg?gid=1\" target=\"_self\" title=\"IMG_5218\" rel=\"\" style=\"border-radius: 0px;\" ><FIGURE class=\"grid-gallery-caption \" data-grid-gallery-type=\"quarter-slide-up\" data-index=\"15\" style=\"display:none;border-radius: 0px; ; margin: 10.3px; width:110px;\" ><div class=\"crop \" style=\" width:110px; height:90px; overflow:hidden; \"><img src=\"http:\/\/www.elzbieta.archidiecezja.wroc.pl\/wp-content\/uploads\/2017\/11\/IMG_5218-110x90.jpg\" class=\"ggImg\" alt=\"IMG_5218\" title=\"IMG_5218\" data-description=\"IMG_5218\" data-caption=\"IMG_5218\" data-title=\"IMG_5218\" style=\" width:110px; height:90px; \" \/><\/div><FIGCAPTION class=\"\" data-alpha=\"5\" style=\"color:#ffffff; background-color:#6f0000; font-size:14px; text-align:left; font-family:Default;\" ><div class=\"grid-gallery-figcaption-wrap\" style=\" vertical-align:top; \"><\/div><\/FIGCAPTION><\/FIGURE><\/a> <div class=\"grid-gallery-clearfix\"><\/div> <\/div> <div class=\"gallery-sharing-bottom\"><\/div> <div class=\"grid-gallery-clearfix\"><\/div> <\/div> <!-- Gallery by Supsystic plugin 1.15.9 -->\n","protected":false},"excerpt":{"rendered":"<p>Od dnia 4 czerwca 2005 r. Rada Miejska Wroc\u0142awia obj\u0119\u0142a patronat nad \u015bredniowieczn\u0105 kaplic\u0105 rodu von Dompnig. W swej historii miejsce to by\u0142o zawsze po\u015bwi\u0119cone pami\u0119ci wybitnych cz\u0142onk\u00f3w Rady Miejskiej. Tu w\u0142a\u015bnie znajdowa\u0142 si\u0119 niegdy\u015b obraz, na kt\u00f3rym jeden z wroc\u0142awskich rajc\u00f3w Jan Mohrenberg ukazany zosta\u0142 wraz z ca\u0142\u0105 swoj\u0105 rodzin\u0105 na tle panoramy Wroc\u0142awia. [&hellip;]<\/p>\n","protected":false},"author":1,"featured_media":0,"parent":355,"menu_order":0,"comment_status":"closed","ping_status":"closed","template":"page-fullwidth.php","meta":[],"_links":{"self":[{"href":"http:\/\/www.elzbieta.archidiecezja.wroc.pl\/index.php?rest_route=\/wp\/v2\/pages\/353"}],"collection":[{"href":"http:\/\/www.elzbieta.archidiecezja.wroc.pl\/index.php?rest_route=\/wp\/v2\/pages"}],"about":[{"href":"http:\/\/www.elzbieta.archidiecezja.wroc.pl\/index.php?rest_route=\/wp\/v2\/types\/page"}],"author":[{"embeddable":true,"href":"http:\/\/www.elzbieta.archidiecezja.wroc.pl\/index.php?rest_route=\/wp\/v2\/users\/1"}],"replies":[{"embeddable":true,"href":"http:\/\/www.elzbieta.archidiecezja.wroc.pl\/index.php?rest_route=%2Fwp%2Fv2%2Fcomments&post=353"}],"version-history":[{"count":7,"href":"http:\/\/www.elzbieta.archidiecezja.wroc.pl\/index.php?rest_route=\/wp\/v2\/pages\/353\/revisions"}],"predecessor-version":[{"id":2783,"href":"http:\/\/www.elzbieta.archidiecezja.wroc.pl\/index.php?rest_route=\/wp\/v2\/pages\/353\/revisions\/2783"}],"up":[{"embeddable":true,"href":"http:\/\/www.elzbieta.archidiecezja.wroc.pl\/index.php?rest_route=\/wp\/v2\/pages\/355"}],"wp:attachment":[{"href":"http:\/\/www.elzbieta.archidiecezja.wroc.pl\/index.php?rest_route=%2Fwp%2Fv2%2Fmedia&parent=353"}],"curies":[{"name":"wp","href":"https:\/\/api.w.org\/{rel}","templated":true}]}}