{"id":297,"date":"2017-10-25T14:49:00","date_gmt":"2017-10-25T12:49:00","guid":{"rendered":"http:\/\/www.elzbieta.archidiecezja.wroc.pl\/?page_id=297"},"modified":"2017-10-27T09:14:44","modified_gmt":"2017-10-27T07:14:44","slug":"chronologia-zycia-sw-elzbiety","status":"publish","type":"page","link":"http:\/\/www.elzbieta.archidiecezja.wroc.pl\/?page_id=297","title":{"rendered":"Chronologia \u017cycia"},"content":{"rendered":"<h5><strong><a href=\"http:\/\/www.elzbieta.archidiecezja.wroc.pl\/wp-content\/uploads\/2017\/10\/obraz3a.jpg\"><img decoding=\"async\" loading=\"lazy\" class=\"alignright wp-image-266\" src=\"http:\/\/www.elzbieta.archidiecezja.wroc.pl\/wp-content\/uploads\/2017\/10\/obraz3a-168x300.jpg\" alt=\"\" srcset=\"http:\/\/www.elzbieta.archidiecezja.wroc.pl\/wp-content\/uploads\/2017\/10\/obraz3a-168x300.jpg 168w, http:\/\/www.elzbieta.archidiecezja.wroc.pl\/wp-content\/uploads\/2017\/10\/obraz3a.jpg 400w\" sizes=\"(max-width: 150px) 100vw, 150px\" \/><\/a>1207<\/strong>\u00a0(7 lipca)<br \/>\nEl\u017cbieta przychodzi na\u00a0\u015bwiat jako trzecie dziecko kr\u00f3la W\u0119gier Andrzeja II z\u00a0rodu Arpad\u00f3w i\u00a0jego \u017cony Gertrudy von Andechs-Meranien.<\/h5>\n<h5><strong>1211<\/strong><br \/>\nCzteroletnia El\u017cbieta przeniesiona do\u00a0Turyngii i\u00a0zar\u0119czona za\u00a0zamku Wartburg z\u00a0Hermanem, najstarszym\u00a0synem landgrafa.<\/h5>\n<h5><strong>1213<\/strong>\u00a0(28 wrze\u015bnia)<br \/>\n\u015amier\u0107 matki El\u017cbiety; pada ofiar\u0105 spisku na\u00a0W\u0119grzech.<\/h5>\n<h5><strong>1215<\/strong><br \/>\nFryderyk II koronowany na\u00a0cesarza Niemiec.<\/h5>\n<h5><strong>1216<\/strong><br \/>\nNarzeczony El\u017cbiety, Herman,\u00a0umiera. El\u017cbieta\u00a0zar\u0119czona z\u00a0nast\u0119pnym synem landgrafa, Ludwikiem.<\/h5>\n<h5><strong>1217<\/strong><br \/>\n\u015amier\u0107 landgrafa Turyngii Hermana I. W\u0142adz\u0119\u00a0nad Turyngi\u0105, Saksoni\u0105\u00a0i Hesj\u0105 obejmuje syn, landgraf\u00a0Ludwik IV.<\/h5>\n<h5><strong><a href=\"http:\/\/www.elzbieta.archidiecezja.wroc.pl\/wp-content\/uploads\/2017\/10\/obraz4a.jpg\"><img decoding=\"async\" loading=\"lazy\" class=\"alignright wp-image-267\" src=\"http:\/\/www.elzbieta.archidiecezja.wroc.pl\/wp-content\/uploads\/2017\/10\/obraz4a-167x300.jpg\" alt=\"\" srcset=\"http:\/\/www.elzbieta.archidiecezja.wroc.pl\/wp-content\/uploads\/2017\/10\/obraz4a-167x300.jpg 167w, http:\/\/www.elzbieta.archidiecezja.wroc.pl\/wp-content\/uploads\/2017\/10\/obraz4a.jpg 400w\" sizes=\"(max-width: 150px) 100vw, 150px\" \/><\/a>1221<\/strong><br \/>\n21-letni Ludwik po\u015blubia 14-letni\u0105 El\u017cbiet\u0119.<\/h5>\n<h5><strong>1222<\/strong>\u00a0(28 marca)<br \/>\nPrzychodzi na\u00a0\u015bwiat pierwsze ich\u00a0dziecko, Herman. Ludwik\u00a0i El\u017cbieta odbywaj\u0105 podr\u00f3\u017c na\u00a0W\u0119gry.<\/h5>\n<h5><strong>1223<\/strong><br \/>\nDo Turyngii przybywaj\u0105 pierwsi franciszkanie. El\u017cbieta\u00a0nawi\u0105zuje kontakt z\u00a0bratem Rodegerem, poznaj\u0105c\u00a0idee Franciszka z\u00a0Asy\u017cu.<\/h5>\n<h5><strong>1224<\/strong>\u00a0(30 marca)<br \/>\nEl\u017cbieta rodzi drugie dziecko, Zofi\u0119.<\/h5>\n<h5><strong>1225<\/strong><br \/>\nW Eisenach z\u00a0pomoc\u0105 El\u017cbiety powstaje klasztor franciszkan\u00f3w.<\/h5>\n<h5><strong>1226<\/strong><br \/>\nLudwik wys\u0142any przez cesarza Fryderyka do\u00a0Kremony w\u00a0Italii. Turyngi\u0119\u00a0nawiedzaj\u0105 g\u0142\u00f3d, powodzie,\u00a0epidemie. El\u017cbieta\u00a0rozdaje g\u0142oduj\u0105cym zasoby spichlerzy i\u00a0zak\u0142ada szpital u st\u00f3p Wartburga. Konrad\u00a0z Marburga,<br \/>\nkaznodzieja\u00a0wypraw krzy\u017cowych, kierownikiem\u00a0duchowym El\u017cbiety.<\/h5>\n<h5><strong><a href=\"http:\/\/www.elzbieta.archidiecezja.wroc.pl\/wp-content\/uploads\/2017\/10\/obraz5a.jpg\"><img decoding=\"async\" loading=\"lazy\" class=\"alignright wp-image-268\" src=\"http:\/\/www.elzbieta.archidiecezja.wroc.pl\/wp-content\/uploads\/2017\/10\/obraz5a-165x300.jpg\" alt=\"\" srcset=\"http:\/\/www.elzbieta.archidiecezja.wroc.pl\/wp-content\/uploads\/2017\/10\/obraz5a-165x300.jpg 165w, http:\/\/www.elzbieta.archidiecezja.wroc.pl\/wp-content\/uploads\/2017\/10\/obraz5a.jpg 400w\" sizes=\"(max-width: 150px) 100vw, 150px\" \/><\/a>1227<\/strong>\u00a0(11 wrze\u015bnia)<br \/>\nLudwik umiera w\u00a0Otranto we W\u0142oszech, w\u00a0drodze do\u00a0Ziemi \u015awi\u0119tej z\u00a0wypraw\u0105 krzy\u017cow\u0105. El\u017cbieta\u00a0rodzi trzecie dziecko (29 wrze\u015bnia). Nie\u00a0zaakceptowana przez braci zmar\u0142ego opuszcza Wartburg.<\/h5>\n<h5><strong>1228<\/strong><br \/>\nW ko\u015bciele franciszkan\u00f3w w\u00a0Eisenach El\u017cbieta wyrzeka si\u0119\u00a0wszelkiego \u015bwiatowego luksusu, powi\u0105za\u0144\u00a0rodzinnych i\u00a0w\u0142asnej woli. Pogrzeb\u00a0przywiezionych szcz\u0105tk\u00f3w Ludwika w\u00a0siedzibie rodu w\u00a0Reinhardsbrunn. Konrad z\u00a0Marburga doprowadza do\u00a0porozumienia z\u00a0bra\u0107mi Ludwika, El\u017cbieta\u00a0otrzymuje wdowi\u0105 rent\u0119 oraz Marburg z\u00a0dochodami, z\u00a0kt\u00f3rych funduje szpital \u015bw. Franciszka\u00a0i pos\u0142uguje w\u00a0nim.<\/h5>\n<h5><strong>1229<\/strong><br \/>\nEl\u017cbieta oddaje dwuletni\u0105 c\u00f3rk\u0119 Gertrud\u0119 do\u00a0klasztoru Premonstratensek w\u00a0Altenbergu.<\/h5>\n<h5><strong>1231<\/strong>\u00a0(17 listopada)<br \/>\nEl\u017cbieta umiera wycie\u0144czona ogromem pracy i\u00a0przej\u015b\u0107. Pochowana\u00a0w kaplicy szpitalnej \u015bw. Franciszka.<\/h5>\n<h5><strong>1233<\/strong><br \/>\nStaraj\u0105cy si\u0119\u00a0o\u00a0kanonizacj\u0119 El\u017cbiety Konrad z\u00a0Marburga zamordowany (30 lipca). Konrad z\u00a0Turyngii funduje w\u00a0Marburgu klasztor Zakonu Niemieckiego, przejmuje\u00a0opiek\u0119 nad szpitalem \u015bw. Franciszka\u00a0i robi dalsze starania<br \/>\no\u00a0kanonizacj\u0119.<\/h5>\n<h5><strong><a href=\"http:\/\/www.elzbieta.archidiecezja.wroc.pl\/wp-content\/uploads\/2017\/10\/obraz6a.jpg\"><img decoding=\"async\" loading=\"lazy\" class=\"alignright wp-image-269\" src=\"http:\/\/www.elzbieta.archidiecezja.wroc.pl\/wp-content\/uploads\/2017\/10\/obraz6a-167x300.jpg\" alt=\"\" srcset=\"http:\/\/www.elzbieta.archidiecezja.wroc.pl\/wp-content\/uploads\/2017\/10\/obraz6a-167x300.jpg 167w, http:\/\/www.elzbieta.archidiecezja.wroc.pl\/wp-content\/uploads\/2017\/10\/obraz6a.jpg 400w\" sizes=\"(max-width: 150px) 100vw, 150px\" \/><\/a>1235<\/strong>\u00a0(27 maja Zielone \u015awi\u0119ta)<br \/>\nPapie\u017c Grzegorz IX og\u0142asza w\u00a0Perugii El\u017cbiet\u0119 \u015bwi\u0119t\u0105. Po\u0142o\u017cenie\u00a0kamienia w\u0119gielnego pod ko\u015bci\u00f3\u0142 \u015bw. El\u017cbiety\u00a0w Marburgu.<\/h5>\n<h5><strong>1236<\/strong>\u00a0(1 maja)<br \/>\nPrzeniesienie szcz\u0105tk\u00f3w El\u017cbiety z\u00a0grobu do\u00a0relikwiarza, w\u00a0obecno\u015bci cesarza Fryderyka II i\u00a0niezliczonych t\u0142um\u00f3w ludzi.<\/h5>\n","protected":false},"excerpt":{"rendered":"<p>1207\u00a0(7 lipca) El\u017cbieta przychodzi na\u00a0\u015bwiat jako trzecie dziecko kr\u00f3la W\u0119gier Andrzeja II z\u00a0rodu Arpad\u00f3w i\u00a0jego \u017cony Gertrudy von Andechs-Meranien. 1211 Czteroletnia El\u017cbieta przeniesiona do\u00a0Turyngii i\u00a0zar\u0119czona za\u00a0zamku Wartburg z\u00a0Hermanem, najstarszym\u00a0synem landgrafa. 1213\u00a0(28 wrze\u015bnia) \u015amier\u0107 matki El\u017cbiety; pada ofiar\u0105 spisku na\u00a0W\u0119grzech. 1215 Fryderyk II koronowany na\u00a0cesarza Niemiec. 1216 Narzeczony El\u017cbiety, Herman,\u00a0umiera. El\u017cbieta\u00a0zar\u0119czona z\u00a0nast\u0119pnym synem landgrafa, Ludwikiem. 1217 [&hellip;]<\/p>\n","protected":false},"author":1,"featured_media":0,"parent":246,"menu_order":0,"comment_status":"closed","ping_status":"closed","template":"page-fullwidth.php","meta":[],"_links":{"self":[{"href":"http:\/\/www.elzbieta.archidiecezja.wroc.pl\/index.php?rest_route=\/wp\/v2\/pages\/297"}],"collection":[{"href":"http:\/\/www.elzbieta.archidiecezja.wroc.pl\/index.php?rest_route=\/wp\/v2\/pages"}],"about":[{"href":"http:\/\/www.elzbieta.archidiecezja.wroc.pl\/index.php?rest_route=\/wp\/v2\/types\/page"}],"author":[{"embeddable":true,"href":"http:\/\/www.elzbieta.archidiecezja.wroc.pl\/index.php?rest_route=\/wp\/v2\/users\/1"}],"replies":[{"embeddable":true,"href":"http:\/\/www.elzbieta.archidiecezja.wroc.pl\/index.php?rest_route=%2Fwp%2Fv2%2Fcomments&post=297"}],"version-history":[{"count":16,"href":"http:\/\/www.elzbieta.archidiecezja.wroc.pl\/index.php?rest_route=\/wp\/v2\/pages\/297\/revisions"}],"predecessor-version":[{"id":659,"href":"http:\/\/www.elzbieta.archidiecezja.wroc.pl\/index.php?rest_route=\/wp\/v2\/pages\/297\/revisions\/659"}],"up":[{"embeddable":true,"href":"http:\/\/www.elzbieta.archidiecezja.wroc.pl\/index.php?rest_route=\/wp\/v2\/pages\/246"}],"wp:attachment":[{"href":"http:\/\/www.elzbieta.archidiecezja.wroc.pl\/index.php?rest_route=%2Fwp%2Fv2%2Fmedia&parent=297"}],"curies":[{"name":"wp","href":"https:\/\/api.w.org\/{rel}","templated":true}]}}