{"id":162,"date":"2017-10-25T10:51:40","date_gmt":"2017-10-25T08:51:40","guid":{"rendered":"http:\/\/www.elzbieta.archidiecezja.wroc.pl\/?page_id=162"},"modified":"2025-11-08T14:26:05","modified_gmt":"2025-11-08T13:26:05","slug":"strona-glowna","status":"publish","type":"page","link":"http:\/\/www.elzbieta.archidiecezja.wroc.pl\/","title":{"rendered":"Strona g\u0142\u00f3wna"},"content":{"rendered":"<p><div class=\"ft_slider_container\" id=\"myftsliderID\"><div class=\"flexslider\"><ul class=\"slides\"><li><a href=\"\"><img src=\"http:\/\/www.elzbieta.archidiecezja.wroc.pl\/wp-content\/uploads\/2017\/10\/slide1.jpg\" class=\"attachment-post-thumbnail size-post-thumbnail wp-post-image\" alt=\"\" decoding=\"async\" loading=\"lazy\" srcset=\"http:\/\/www.elzbieta.archidiecezja.wroc.pl\/wp-content\/uploads\/2017\/10\/slide1.jpg 1020w, http:\/\/www.elzbieta.archidiecezja.wroc.pl\/wp-content\/uploads\/2017\/10\/slide1-300x132.jpg 300w, http:\/\/www.elzbieta.archidiecezja.wroc.pl\/wp-content\/uploads\/2017\/10\/slide1-768x339.jpg 768w\" sizes=\"(max-width: 1020px) 100vw, 1020px\" \/><\/a><\/li><li><a href=\"\"><img src=\"http:\/\/www.elzbieta.archidiecezja.wroc.pl\/wp-content\/uploads\/2017\/10\/slide2.jpg\" class=\"attachment-post-thumbnail size-post-thumbnail wp-post-image\" alt=\"\" decoding=\"async\" loading=\"lazy\" srcset=\"http:\/\/www.elzbieta.archidiecezja.wroc.pl\/wp-content\/uploads\/2017\/10\/slide2.jpg 1020w, http:\/\/www.elzbieta.archidiecezja.wroc.pl\/wp-content\/uploads\/2017\/10\/slide2-300x132.jpg 300w, http:\/\/www.elzbieta.archidiecezja.wroc.pl\/wp-content\/uploads\/2017\/10\/slide2-768x339.jpg 768w\" sizes=\"(max-width: 1020px) 100vw, 1020px\" \/><\/a><\/li><li><a href=\"\"><img src=\"http:\/\/www.elzbieta.archidiecezja.wroc.pl\/wp-content\/uploads\/2017\/10\/slide3.jpg\" class=\"attachment-post-thumbnail size-post-thumbnail wp-post-image\" alt=\"\" decoding=\"async\" loading=\"lazy\" srcset=\"http:\/\/www.elzbieta.archidiecezja.wroc.pl\/wp-content\/uploads\/2017\/10\/slide3.jpg 1020w, http:\/\/www.elzbieta.archidiecezja.wroc.pl\/wp-content\/uploads\/2017\/10\/slide3-300x132.jpg 300w, http:\/\/www.elzbieta.archidiecezja.wroc.pl\/wp-content\/uploads\/2017\/10\/slide3-768x339.jpg 768w\" sizes=\"(max-width: 1020px) 100vw, 1020px\" \/><\/a><\/li><li><a href=\"\"><img src=\"http:\/\/www.elzbieta.archidiecezja.wroc.pl\/wp-content\/uploads\/2017\/10\/slide4.jpg\" class=\"attachment-post-thumbnail size-post-thumbnail wp-post-image\" alt=\"\" decoding=\"async\" loading=\"lazy\" srcset=\"http:\/\/www.elzbieta.archidiecezja.wroc.pl\/wp-content\/uploads\/2017\/10\/slide4.jpg 1020w, http:\/\/www.elzbieta.archidiecezja.wroc.pl\/wp-content\/uploads\/2017\/10\/slide4-300x132.jpg 300w, http:\/\/www.elzbieta.archidiecezja.wroc.pl\/wp-content\/uploads\/2017\/10\/slide4-768x339.jpg 768w\" sizes=\"(max-width: 1020px) 100vw, 1020px\" \/><\/a><\/li><li><a href=\"\"><img src=\"http:\/\/www.elzbieta.archidiecezja.wroc.pl\/wp-content\/uploads\/2017\/10\/slide8.jpg\" class=\"attachment-post-thumbnail size-post-thumbnail wp-post-image\" alt=\"\" decoding=\"async\" loading=\"lazy\" srcset=\"http:\/\/www.elzbieta.archidiecezja.wroc.pl\/wp-content\/uploads\/2017\/10\/slide8.jpg 1020w, http:\/\/www.elzbieta.archidiecezja.wroc.pl\/wp-content\/uploads\/2017\/10\/slide8-300x132.jpg 300w, http:\/\/www.elzbieta.archidiecezja.wroc.pl\/wp-content\/uploads\/2017\/10\/slide8-768x339.jpg 768w\" sizes=\"(max-width: 1020px) 100vw, 1020px\" \/><\/a><\/li><\/ul><\/div><\/div><br \/>\n<div class=\"ft-carousel-wrapper\" id=\"myftcarouselID\"><div class=\"ft-carousel\"><ul><li><h2>Aktualno\u015bci<\/h2><div class=\"ftcarousel_image\"><a href=\"http:\/\/www.elzbieta.archidiecezja.wroc.pl\/?cat=2\"><img src=\"http:\/\/www.elzbieta.archidiecezja.wroc.pl\/wp-content\/uploads\/2017\/11\/DSC09271150x150.jpg\" class=\"attachment-post-thumbnail size-post-thumbnail wp-post-image\" alt=\"\" decoding=\"async\" loading=\"lazy\" \/><\/a><\/div><\/li><li><h2>Bazylika<\/h2><div class=\"ftcarousel_image\"><a href=\"http:\/\/www.elzbieta.archidiecezja.wroc.pl\/?page_id=355\"><img src=\"http:\/\/www.elzbieta.archidiecezja.wroc.pl\/wp-content\/uploads\/2017\/10\/kolko_bazylika.jpg\" class=\"attachment-post-thumbnail size-post-thumbnail wp-post-image\" alt=\"\" decoding=\"async\" loading=\"lazy\" \/><\/a><\/div><\/li><li><h2>Og\u0142oszenia parafialne<\/h2><div class=\"ftcarousel_image\"><a href=\"http:\/\/www.elzbieta.archidiecezja.wroc.pl\/?cat=35\"><img src=\"http:\/\/www.elzbieta.archidiecezja.wroc.pl\/wp-content\/uploads\/2017\/11\/kolko_ogloszenia1.jpg\" class=\"attachment-post-thumbnail size-post-thumbnail wp-post-image\" alt=\"\" decoding=\"async\" loading=\"lazy\" \/><\/a><\/div><\/li><li><h2>Organy<\/h2><div class=\"ftcarousel_image\"><a href=\"http:\/\/www.elzbieta.archidiecezja.wroc.pl\/?cat=36\"><img src=\"http:\/\/www.elzbieta.archidiecezja.wroc.pl\/wp-content\/uploads\/2017\/11\/kolko_organy.jpg\" class=\"attachment-post-thumbnail size-post-thumbnail wp-post-image\" alt=\"\" decoding=\"async\" loading=\"lazy\" \/><\/a><\/div><\/li><li><h2>Wie\u017ca widokowa<\/h2><div class=\"ftcarousel_image\"><a href=\"http:\/\/www.elzbieta.archidiecezja.wroc.pl\/?page_id=1047\"><img src=\"http:\/\/www.elzbieta.archidiecezja.wroc.pl\/wp-content\/uploads\/2017\/10\/kolko_wieza.jpg\" class=\"attachment-post-thumbnail size-post-thumbnail wp-post-image\" alt=\"\" decoding=\"async\" loading=\"lazy\" \/><\/a><\/div><\/li><li><h2>\u015aw. El\u017cbieta<\/h2><div class=\"ftcarousel_image\"><a href=\"http:\/\/www.elzbieta.archidiecezja.wroc.pl\/?page_id=246\"><img src=\"http:\/\/www.elzbieta.archidiecezja.wroc.pl\/wp-content\/uploads\/2017\/10\/kolko_elzbieta.jpg\" class=\"attachment-post-thumbnail size-post-thumbnail wp-post-image\" alt=\"\" decoding=\"async\" loading=\"lazy\" \/><\/a><\/div><\/li><\/ul><\/div><\/div><br \/>\n<div class=\"left_full\"><p><\/p>\n<h2>WITAMY SERDECZNIE<\/h2>\n<p style=\"text-align: justify;\">Dom modlitwy jakim jest ko\u015bci\u00f3\u0142 garnizonowy to\u00a0jedna z\u00a0najwa\u017cniejszych \u015bwi\u0105ty\u0144 miejskich, fundacja\u00a0wroc\u0142awskich patrycjuszy, symbol\u00a0ambicji i\u00a0mo\u017cliwo\u015bci Wroc\u0142awia. Obecna\u00a0bazylika mniejsza, kt\u00f3rej patronk\u0105 jest \u015bw. El\u017cbieta\u00a0W\u0119gierska, wiele\u00a0razy by\u0142a zniszczona, ale\u00a0zawsze przywracano jej \u015bwietno\u015b\u0107 i\u00a0pi\u0119kno. \u015awi\u0105tynia\u00a0jest ko\u015bcio\u0142em parafii wojskowej p.w. \u015bw. El\u017cbiety,\u00a0kt\u00f3ra zosta\u0142a erygowana 12 stycznia 1993 roku. 31\u00a0maja 1997 roku, po\u00a0latach odbudowy, far\u0119\u00a0wroc\u0142awsk\u0105 po\u015bwi\u0119ci\u0142 Ojciec \u015awi\u0119ty Jan Pawe\u0142 II. 15.03.1998 roku utworzono terytorialn\u0105 parafi\u0119 wojskowo &#8211; cywiln\u0105. Od\u00a0tamtej daty w\u00a0jej murach gromadz\u0105 si\u0119\u00a0na\u00a0modlitwie nie\u00a0tylko wierni parafii cywilnej, ale\u00a0tak\u017ce \u017co\u0142nierze, oficerowie,\u00a0pracownicy Garnizonu Wroc\u0142aw wraz ze\u00a0swoimi rodzinami. \u015awi\u0105tynia,\u00a0miejsce codziennej modlitwy, staje\u00a0si\u0119 tak\u017ce centrum obchod\u00f3w religijno &#8211; patriotycznych oraz o\u015brodkiem modlitewnych spotka\u0144 o\u00a0charakterze ekumenicznym, a\u00a0tak\u017ce miejscem wystaw, koncert\u00f3w muzycznych i\u00a0zdarze\u0144 teatralnych. Gotyckie\u00a0mury, maj\u0105ce\u00a0cechy indywidualnego stylu \u015bl\u0105skiej architektury sakralnej, goszcz\u0105\u00a0bogaty zbi\u00f3r wyj\u0105tkowych dzie\u0142 sztuki: liczne kamienne epitafia i\u00a0rze\u017aby z\u00a0r\u00f3\u017cnych okres\u00f3w, wczesnobarokowy\u00a0o\u0142tarz, wynios\u0142e\u00a0sakramentarium, gotyckie\u00a0stalle, ambon\u0119,\u00a0empor\u0119 kr\u00f3lewsk\u0105 przeznaczon\u0105 w\u00a0XVIII w. dla\u00a0w\u0142adcy \u00f3wczesnego \u015al\u0105ska.<\/p>\n<p style=\"text-align: justify;\">Zapraszaj\u0105c do\u00a0wroc\u0142awskiej bazyliki, kierujemy\u00a0do odwiedzaj\u0105cych s\u0142owa patronki ko\u015bcio\u0142a \u015bw. El\u017cbiety\u00a0W\u0119gierskiej \u201eMusimy innych uszcz\u0119\u015bliwia\u0107\u201d. Niech\u00a0\u017cyczenie, tej\u00a0europejskiej \u015bwi\u0119tej, towarzyszy\u00a0nam w\u00a0ka\u017cdym dniu ziemskiej w\u0119dr\u00f3wki, Szcz\u0119\u015b\u0107 Bo\u017ce.<\/p>\n<p><a href=\"http:\/\/www.elzbieta.archidiecezja.wroc.pl\/wp-content\/uploads\/2025\/11\/11-listopada-2025.png\"><img decoding=\"async\" loading=\"lazy\" class=\"alignleft wp-image-3878 size-medium\" src=\"http:\/\/www.elzbieta.archidiecezja.wroc.pl\/wp-content\/uploads\/2025\/11\/11-listopada-2025-212x300.png\" alt=\"\" \/><\/a><\/p>\n<p>&nbsp;<\/p>\n<p>&nbsp;<\/p>\n<p><a href=\"http:\/\/www.elzbieta.archidiecezja.wroc.pl\/?page_id=1061\"><img decoding=\"async\" class=\"alignright\" src=\"http:\/\/www.elzbieta.archidiecezja.wroc.pl\/wp-content\/uploads\/2017\/10\/cz_2.gif\" alt=\"\" \/><\/a> <a href=\"http:\/\/www.elzbieta.archidiecezja.wroc.pl\/?page_id=1059\"><img decoding=\"async\" class=\"alignright\" src=\"http:\/\/www.elzbieta.archidiecezja.wroc.pl\/wp-content\/uploads\/2017\/10\/it_2.gif\" alt=\"\" \/><\/a> <a href=\"http:\/\/www.elzbieta.archidiecezja.wroc.pl\/?page_id=1057\"><img decoding=\"async\" class=\"alignright\" src=\"http:\/\/www.elzbieta.archidiecezja.wroc.pl\/wp-content\/uploads\/2017\/10\/fr_2.gif\" alt=\"\" \/><\/a> <a href=\"http:\/\/www.elzbieta.archidiecezja.wroc.pl\/?page_id=1055\"><img decoding=\"async\" class=\"alignright\" src=\"http:\/\/www.elzbieta.archidiecezja.wroc.pl\/wp-content\/uploads\/2017\/10\/en_2.gif\" alt=\"\" \/><\/a> <a href=\"http:\/\/www.elzbieta.archidiecezja.wroc.pl\/?page_id=1053\"><img decoding=\"async\" class=\"alignright\" src=\"http:\/\/www.elzbieta.archidiecezja.wroc.pl\/wp-content\/uploads\/2017\/10\/de_2.gif\" alt=\"\" \/><\/a><\/p>\n<p>&nbsp;<\/p>\n<p><\/p><\/div><\/p>\n","protected":false},"excerpt":{"rendered":"","protected":false},"author":1,"featured_media":0,"parent":0,"menu_order":0,"comment_status":"closed","ping_status":"closed","template":"page-fullwidth-borderless.php","meta":[],"_links":{"self":[{"href":"http:\/\/www.elzbieta.archidiecezja.wroc.pl\/index.php?rest_route=\/wp\/v2\/pages\/162"}],"collection":[{"href":"http:\/\/www.elzbieta.archidiecezja.wroc.pl\/index.php?rest_route=\/wp\/v2\/pages"}],"about":[{"href":"http:\/\/www.elzbieta.archidiecezja.wroc.pl\/index.php?rest_route=\/wp\/v2\/types\/page"}],"author":[{"embeddable":true,"href":"http:\/\/www.elzbieta.archidiecezja.wroc.pl\/index.php?rest_route=\/wp\/v2\/users\/1"}],"replies":[{"embeddable":true,"href":"http:\/\/www.elzbieta.archidiecezja.wroc.pl\/index.php?rest_route=%2Fwp%2Fv2%2Fcomments&post=162"}],"version-history":[{"count":65,"href":"http:\/\/www.elzbieta.archidiecezja.wroc.pl\/index.php?rest_route=\/wp\/v2\/pages\/162\/revisions"}],"predecessor-version":[{"id":3880,"href":"http:\/\/www.elzbieta.archidiecezja.wroc.pl\/index.php?rest_route=\/wp\/v2\/pages\/162\/revisions\/3880"}],"wp:attachment":[{"href":"http:\/\/www.elzbieta.archidiecezja.wroc.pl\/index.php?rest_route=%2Fwp%2Fv2%2Fmedia&parent=162"}],"curies":[{"name":"wp","href":"https:\/\/api.w.org\/{rel}","templated":true}]}}