{"id":1057,"date":"2017-10-30T08:58:52","date_gmt":"2017-10-30T07:58:52","guid":{"rendered":"http:\/\/www.elzbieta.archidiecezja.wroc.pl\/?page_id=1057"},"modified":"2017-10-30T09:22:27","modified_gmt":"2017-10-30T08:22:27","slug":"histoire-de-l-eglise-de-sainte-elisabeth","status":"publish","type":"page","link":"http:\/\/www.elzbieta.archidiecezja.wroc.pl\/?page_id=1057","title":{"rendered":"HISTOIRE DE L&#8217; \u00c9GLISE DE SAINTE-\u00c9LISABETH"},"content":{"rendered":"<p><a href=\"http:\/\/www.elzbieta.archidiecezja.wroc.pl\/?page_id=1061\"><img decoding=\"async\" class=\"alignright\" src=\"http:\/\/www.elzbieta.archidiecezja.wroc.pl\/wp-content\/uploads\/2017\/10\/cz_2.gif\" alt=\"\" \/><\/a> <a href=\"http:\/\/www.elzbieta.archidiecezja.wroc.pl\/?page_id=1059\"><img decoding=\"async\" class=\"alignright\" src=\"http:\/\/www.elzbieta.archidiecezja.wroc.pl\/wp-content\/uploads\/2017\/10\/it_2.gif\" alt=\"\" \/><\/a> <a href=\"http:\/\/www.elzbieta.archidiecezja.wroc.pl\/?page_id=1057\"><img decoding=\"async\" class=\"alignright\" src=\"http:\/\/www.elzbieta.archidiecezja.wroc.pl\/wp-content\/uploads\/2017\/10\/fr_2.gif\" alt=\"\" \/><\/a> <a href=\"http:\/\/www.elzbieta.archidiecezja.wroc.pl\/?page_id=1055\"><img decoding=\"async\" class=\"alignright\" src=\"http:\/\/www.elzbieta.archidiecezja.wroc.pl\/wp-content\/uploads\/2017\/10\/en_2.gif\" alt=\"\" \/><\/a> <a href=\"http:\/\/www.elzbieta.archidiecezja.wroc.pl\/?page_id=1053\"><img decoding=\"async\" class=\"alignright\" src=\"http:\/\/www.elzbieta.archidiecezja.wroc.pl\/wp-content\/uploads\/2017\/10\/de_2.gif\" alt=\"\" \/><\/a><\/p>\n<p>&nbsp;<\/p>\n<p><img decoding=\"async\" loading=\"lazy\" class=\"alignright size-full wp-image-627\" style=\"margin-left: 40px\" src=\"http:\/\/www.elzbieta.archidiecezja.wroc.pl\/wp-content\/uploads\/2017\/10\/2-181.jpg\" alt=\"\" srcset=\"http:\/\/www.elzbieta.archidiecezja.wroc.pl\/wp-content\/uploads\/2017\/10\/2-181.jpg 273w, http:\/\/www.elzbieta.archidiecezja.wroc.pl\/wp-content\/uploads\/2017\/10\/2-181-200x300.jpg 200w\" sizes=\"(max-width: 273px) 100vw, 273px\" \/>L&#8217; \u00e9glise de Sainte-\u00c9lisabeth est l&#8217;une des plus anciennes et des plus grandes \u00e9glises de Wroc\u0142aw. C&#8217;est un \u00e9difice a\u00a0trois nefs sur le plan basilical. Le\u00a0corps de l&#8217; \u00e9glise a\u00a0cinq trav\u00e9es et la longueur interne de 65,20 m, le\u00a0choeur inclus. La\u00a0nef centrale a\u00a029,70 m de haut et 9,80 m de large, les\u00a0nefs lat\u00e9rales ont 13 m de hauteur. Le\u00a0temple a\u00a068,20 m de long et 22m de large.<\/p>\n<p>La costruction du temple actuel a\u00a0\u00e9t\u00e9 commenc\u00e9e probablement dans le premier tiers du XIVe siecle. C&#8217;est le duc Boleslas III qui en fut le fondateur.<\/p>\n<p>L&#8217;\u00e9glise a\u00a0appartenu initialement aux Crois\u00e9s a\u00a0l&#8217;\u00c9toile Rouge (freres hospitaliers), qui\u00a0g\u00e9raient l&#8217;hospice de Sainte \u00c9lisabeth, et\u00a0ensuite elle est devenue l&#8217;une des deux \u00e9glises paroissiale de la ville, a\u00a0c\u00f4t\u00e9 de l&#8217; \u00e9glise de Sainte-Marie-Madeleine.<\/p>\n<p>L&#8217;\u00e9glise a\u00a0\u00e9t\u00e9 d\u00e9di\u00e9e a\u00a0Sainte \u00c9lisabeth (fille du roi de Hongrie Andr\u00e9 II, canonis\u00e9e en 1235), le\u00a019 novembre 1257 a\u00a0l&#8217;occasion de la cons\u00e9cration du temple par l&#8217;\u00e9veque Thomas Ier de la famille des Rawicz.<\/p>\n<p>Jusqu&#8217;a 1387 les patrons de l&#8217;\u00e9glise ont \u00e9t\u00e9 Saint Laurent et Sainte \u00c9lisabeth. En\u00a01457 on\u00a0a\u00a0termin\u00e9 la construction du clocher. La\u00a0tour, couronn\u00e9 par une fleche a\u00a0atteint la hauteur de 130,48 m. D&#8217;apres les chroniqueurs de l&#8217;\u00e9poque, c&#8217;\u00e9tait le clocher le plus haut et le plus beau de Sil\u00e9sie.<\/p>\n<p>En 1529 un vent violent a\u00a0fait crouler la fleche de la tour sur le cimetiere contigu a\u00a0l&#8217;\u00e9glise.<\/p>\n<p>Dans les ann\u00e9es 1531 &#8211; 1535 la tour a\u00a0\u00e9t\u00e9 reconstruite, mais\u00a0dans le style Renaissance, dans\u00a0la forme qui s&#8217;est conserv\u00e9e jusqu&#8217;a pr\u00e9sent.<\/p>\n<p>Le 6 avril 1525 l&#8217;\u00e9glise est pass\u00e9 aux mains des protestants au nom desquels le patronat a\u00a0\u00e9t\u00e9 pris par le pasteur Ambroise Moiban, un\u00a0ami de Luther.<\/p>\n<p>Malgr\u00e9 le caractere protestant de l&#8217;\u00e9glise, jusqu&#8217;a la fin du XVIIIe siecle on\u00a0y a\u00a0c\u00e9l\u00e9br\u00e9 les fonctions religieuses aussi en polonais. [La confession protestante en Basse-Sil\u00e9sie \u00e9tait traditionnellement consid\u00e9r\u00e9e une religion &#8222;allemande&#8221; n.d.t.]<\/p>\n<p>En 1598 on\u00a0a\u00a0refait le toit de l&#8217;\u00e9glise qui a\u00a0re\u00e7u une coouverture nouvelle de avec les tuiles canal, m\u00e2les et femelles, dites\u00a0&#8222;moines&#8221; et &#8222;moniales&#8221;, qui\u00a0forment ensemble le motif ornamental d&#8217;un \u00e9chiquier avec les &#8222;cases&#8221; vertes e rouges (apres l&#8217;incendie de 1976 l&#8217;\u00e9glise a\u00a0\u00e9t\u00e9 couverte a\u00a0nouveau avec des tuiles du meme type).<\/p>\n<p>En 1856, pendant\u00a0les pr\u00e9paratifs au 600e anniversaire de la cons\u00e9cration de l&#8217;\u00e9glise on\u00a0a\u00a0fait beaucoup de travaux de r\u00e9novation, entre\u00a0autres on\u00a0a\u00a0pos\u00e9 le pav\u00e9 de dalles de granit e de marbre, on\u00a0a r\u00e9par\u00e9 les fenetres de quelques chapelles, les\u00a0murs du temple ont \u00e9t\u00e9 couverts de nouvelles peintures polychromes. Au\u00a0cours des travaux on\u00a0a\u00a0vu crouler les trav\u00e9es sud avec une partie des voutes de la nef sud. La\u00a0restauration a\u00a0\u00e9t\u00e9 termin\u00e9e avec la cons\u00e9cration le 19 novembre 1858.<\/p>\n<p>Dans les ann\u00e9es 1750-1761 on\u00a0a\u00a0construit l&#8217;orgue. L&#8217;instrument a\u00a0\u00e9t\u00e9 fait par Michael Engler e par son fils Benjamin, et\u00a0apres la mort de Michael l&#8217;oeuvre a\u00a0\u00e9t\u00e9 terminat\u00e9e par Gottlieb Ziegler. Au\u00a0XIXe siecle l&#8217;orgue a\u00a0\u00e9t\u00e9 transform\u00e9 a\u00a0plusieurs reprises. La\u00a0r\u00e9fection g\u00e9n\u00e9rale a\u00a0\u00e9t\u00e9 faite dans les ann\u00e9es 1939-1941. L&#8217;orgue avait 91 jeux d&#8217;orgue.<\/p>\n<p>Apres la cession de l&#8217;\u00e9glise aux Polonais en 1946, l&#8217;orgue a\u00a0\u00e9t\u00e9 r\u00e9par\u00e9 et accord\u00e9 a\u00a0nouveau. l&#8217;instrument n&#8217;\u00e9tait pas utilis\u00e9 que pour les objectifs de la liturgie, mais\u00a0aussi pour les concerts a\u00a0l&#8217;occasion de diff\u00e9rentes manifestations et c\u00e9l\u00e9brations entre autres pendant le festival &#8222;Wratislavia Cantans&#8221;. L&#8217;incendie du 9 juin 1976 a\u00a0totalement d\u00e9truit l&#8217;orgue.<\/p>\n<p>Le 2 juillet 1946 le temple a\u00a0\u00e9t\u00e9 c\u00e9d\u00e9 par le consistoire de l&#8217; \u00e9glise \u00e9vang\u00e9lique de la confession d&#8217;Augsbourg [c&#8217;est-a-dire luth\u00e9rienne] et pass\u00e9 aux autorit\u00e9s militaires. Ce\u00a0jour-la la premiere messe a\u00a0\u00e9t\u00e9 c\u00e9l\u00e9br\u00e9e par le lieutenant-colonel, pere\u00a0B. Nowak. A\u00a0partir de ce moment-la le temple est devenu l&#8217;\u00e9glise de l&#8217;aum\u00f4nerie militaire, dite\u00a0&#8221; l&#8217;\u00e9glise de garnison&#8221;.<\/p>\n<p>Dans les ann\u00e9es 1946-1947 on\u00a0a\u00a0fait les travaux de r\u00e9fection et de conservation et on\u00a0a\u00a0adapt\u00e9 le b\u00e2timent aux exigences de la liturgie catholique.<\/p>\n<p>Le 19 septembre 1975 un incendie a\u00a0d\u00e9truit le clocher de l&#8217;\u00e9glise. Un\u00a0autre incendie, aux\u00a0suites bien plus tragiques a\u00a0eu lieu le 9 juin 1976. Les\u00a0grandes orgues ont \u00e9t\u00e9 entierement d\u00e9truites, le\u00a0comble de la grande nef, celui\u00a0de la nef sud, et\u00a0celui de la nef nord-ouest, le\u00a0fronton ouest du temple et les voutes du choeur ont \u00e9t\u00e9 brul\u00e9s. Les\u00a0ornements int\u00e9rieurs ont \u00e9t\u00e9 partiellement d\u00e9truits, y\u00a0compris les autels lat\u00e9raux et les \u00e9pitaphes.<\/p>\n<p>Dans les ann\u00e9es 1976-1977 on\u00a0a\u00a0fait le nettoyage et les travaux de protection n\u00e9cessaires apres les incendies. En\u00a01980 on\u00a0a\u00a0commenc\u00e9 la restauration de l&#8217;\u00e9glise et du clocher.<\/p>\n<p>Le 2 mai 1993 le cardinal Henri Gulbinowicz a\u00a0consacr\u00e9 la chapelle am\u00e9nag\u00e9e dans l&#8217;ancienne sacristie de l&#8217;\u00e9glise. A\u00a0partir de ce moment-la, dans\u00a0la partie d\u00e9ja reconstruite de l&#8217;\u00e9glise, on\u00a0a c\u00e9l\u00e9br\u00e9 r\u00e9gulierement les messes.<\/p>\n<p>Les travaux de restauration ont \u00e9t\u00e9 termin\u00e9s le 19 mai 1997. L&#8217;\u00e9glise a\u00a0ouvert ses portes aux pelerins venus a\u00a0Wroc\u0142aw pour participer au 46e Congres Eucharistique Mondial.<\/p>\n<p>Le 31 mai 1997 le Saint-Pere Jean-Paul II ha consacr\u00e9 l&#8217;\u00e9glise, et\u00a0ensuite les cardinaux Achille Silvestrini et Luigi Poggi, le\u00a0g\u00e9n\u00e9ral S\u0142awoj Leszek G\u0142\u00f3d?, \u00e9veque de camp [aum\u00f4nier militaire en chef] et les aum\u00f4niers militaires de l&#8217;arm\u00e9e polonaise ont conc\u00e9l\u00e9br\u00e9 une messe.<\/p>\n<p>Le 15 mars 1998 la paroisse mixte &#8211; militaire et civile a\u00a0\u00e9t\u00e9 solennellement \u00e9rig\u00e9e.<\/p>\n<p>Le 31 mai 1998 a\u00a0l&#8217;occasion du premier anniversaire de la visite du pape e de la cons\u00e9cration de l&#8217; \u00e9glise on\u00a0a\u00a0inaugur\u00e9 solennellement le buste du Saint-Pere Jean-Paul II.<\/p>\n<p>Actuellement on\u00a0continue le travaux de restauration et de r\u00e9paration des chapelles, du\u00a0mobilier historique et des ornements monumentaux, particulierement\u00a0des \u00e9pitaphes situ\u00e9es sur les murs int\u00e9rieurs et ext\u00e9rieurs de l&#8217;\u00e9glise, de\u00a0la chaire et autres.<\/p>\n","protected":false},"excerpt":{"rendered":"<p>&nbsp; L&#8217; \u00e9glise de Sainte-\u00c9lisabeth est l&#8217;une des plus anciennes et des plus grandes \u00e9glises de Wroc\u0142aw. C&#8217;est un \u00e9difice a\u00a0trois nefs sur le plan basilical. Le\u00a0corps de l&#8217; \u00e9glise a\u00a0cinq trav\u00e9es et la longueur interne de 65,20 m, le\u00a0choeur inclus. La\u00a0nef centrale a\u00a029,70 m de haut et 9,80 m de large, les\u00a0nefs lat\u00e9rales ont [&hellip;]<\/p>\n","protected":false},"author":1,"featured_media":0,"parent":0,"menu_order":0,"comment_status":"closed","ping_status":"closed","template":"page-fullwidth.php","meta":[],"_links":{"self":[{"href":"http:\/\/www.elzbieta.archidiecezja.wroc.pl\/index.php?rest_route=\/wp\/v2\/pages\/1057"}],"collection":[{"href":"http:\/\/www.elzbieta.archidiecezja.wroc.pl\/index.php?rest_route=\/wp\/v2\/pages"}],"about":[{"href":"http:\/\/www.elzbieta.archidiecezja.wroc.pl\/index.php?rest_route=\/wp\/v2\/types\/page"}],"author":[{"embeddable":true,"href":"http:\/\/www.elzbieta.archidiecezja.wroc.pl\/index.php?rest_route=\/wp\/v2\/users\/1"}],"replies":[{"embeddable":true,"href":"http:\/\/www.elzbieta.archidiecezja.wroc.pl\/index.php?rest_route=%2Fwp%2Fv2%2Fcomments&post=1057"}],"version-history":[{"count":4,"href":"http:\/\/www.elzbieta.archidiecezja.wroc.pl\/index.php?rest_route=\/wp\/v2\/pages\/1057\/revisions"}],"predecessor-version":[{"id":1083,"href":"http:\/\/www.elzbieta.archidiecezja.wroc.pl\/index.php?rest_route=\/wp\/v2\/pages\/1057\/revisions\/1083"}],"wp:attachment":[{"href":"http:\/\/www.elzbieta.archidiecezja.wroc.pl\/index.php?rest_route=%2Fwp%2Fv2%2Fmedia&parent=1057"}],"curies":[{"name":"wp","href":"https:\/\/api.w.org\/{rel}","templated":true}]}}